{"id":115,"date":"2018-05-20T20:05:53","date_gmt":"2018-05-20T18:05:53","guid":{"rendered":"http:\/\/www.maltezskyrad.cz\/gdpr\/?page_id=115"},"modified":"2021-11-27T18:08:11","modified_gmt":"2021-11-27T17:08:11","slug":"zasady-pro-zpracovani-osobnich-udaju","status":"publish","type":"page","link":"http:\/\/www.maltezskyrad.cz\/gdpr\/zasady-pro-zpracovani-osobnich-udaju\/","title":{"rendered":"Z\u00e1sady pro zpracov\u00e1n\u00ed osobn\u00edch \u00fadaj\u016f"},"content":{"rendered":"<p><strong>Z\u00c1SADY ZPRACOV\u00c1N\u00cd OSOBN\u00cdCH \u00daDAJ\u016e <\/strong><\/p>\n<p align=\"center\">podle na\u0159\u00edzen\u00ed Evropsk\u00e9ho parlamentu a Rady (EU) 2016\/679 ze dne 27. dubna 2016<br \/>\no ochran\u011b fyzick\u00fdch osob v souvislosti se zpracov\u00e1n\u00edm osobn\u00edch \u00fadaj\u016f a o voln\u00e9m pohybu t\u011bchto \u00fadaj\u016f a o zru\u0161en\u00ed sm\u011brnice 95\/46\/ES (obecn\u00e9 na\u0159\u00edzen\u00ed o ochran\u011b osobn\u00edch \u00fadaj\u016f); (d\u00e1le jen \u201eGDPR\u201c)<\/p>\n<p><strong>1. SPR\u00c1VCE OSOBN\u00cdCH \u00daDAJ\u016e<\/strong><\/p>\n<p align=\"justify\">1.1. Spr\u00e1vcem osobn\u00edch \u00fadaj\u016f je evidovan\u00e1 c\u00edrkevn\u00ed pr\u00e1vnick\u00e1 osoba: Suver\u00e9nn\u00ed \u0159\u00e1d Malt\u00e9zsk\u00fdch ryt\u00ed\u0159\u016f &#8211; \u010cesk\u00e9 velkop\u0159evorstv\u00ed, I\u010cO: 00569623 se s\u00eddlem Velkop\u0159evorsk\u00e9 n\u00e1m\u011bst\u00ed 485\/4, Mal\u00e1 Strana, 118 00 Praha 1; nada\u010dn\u00ed fond: Nada\u010dn\u00ed fond Suver\u00e9nn\u00edho \u0159\u00e1du Malt\u00e9zsk\u00fdch ryt\u00ed\u0159\u016f &#8211; \u010cesk\u00e9ho velkop\u0159evorstv\u00ed ,,LOURDES&#8220;, I\u010cO: 28930649 se s\u00eddlem Velkop\u0159evorsk\u00e9 n\u00e1m\u011bst\u00ed 485\/4, Mal\u00e1 Strana, 118 00 Praha 1; p\u0159\u00edpadn\u011b spolek: \u010cesk\u00e1 malt\u00e9zsk\u00e1 ml\u00e1de\u017e, z.s. I\u010cO: 06519555, se s\u00eddlem Velkop\u0159evorsk\u00e9 n\u00e1m\u011bst\u00ed 485\/4, Mal\u00e1 Strana, 118 00 Praha 1 spolek zapsan\u00fd ve spolkov\u00e9m rejst\u0159\u00edku veden\u00e9m M\u011bstsk\u00fdm soudem v Praze, pod sp. zn. L 69268 (d\u00e1le jen \u201eSpr\u00e1vce\u201c).<\/p>\n<p align=\"justify\">1.2. Spr\u00e1vce je pr\u00e1vnickou osobou zalo\u017eenou dle \u010desk\u00e9ho pr\u00e1va.<\/p>\n<p align=\"justify\">1.3. Spr\u00e1vce m\u00e1 n\u00e1sleduj\u00edc\u00edho z\u00e1stupce pro zpracov\u00e1n\u00ed osobn\u00edch \u00fadaj\u016f: Bed\u0159ich Pola, email: gdpr@maltezskyrad.cz (pro Suver\u00e9nn\u00ed \u0159\u00e1d Malt\u00e9zsk\u00fdch ryt\u00ed\u0159\u016f &#8211; \u010cesk\u00e9 velkop\u0159evorstv\u00ed a Nada\u010dn\u00ed fond Suver\u00e9nn\u00edho \u0159\u00e1du Malt\u00e9zsk\u00fdch ryt\u00ed\u0159\u016f &#8211; \u010cesk\u00e9ho velkop\u0159evorstv\u00ed ,,LOURDES&#8220;), p\u0159\u00edpadn\u011b Martin Pola, email: mladez@maltezskamladez.cz, tel: +420 724 047 401 (pro \u010ceskou malt\u00e9zskou ml\u00e1de\u017e).<\/p>\n<p><strong>2. \u00da\u010cEL\/Y ZPRACOV\u00c1N\u00cd OSOBN\u00cdCH \u00daDAJ\u016e<\/strong><\/p>\n<p align=\"justify\">2.1. Va\u0161e osobn\u00ed \u00fadaje zpracov\u00e1v\u00e1me zejm\u00e9na za n\u00e1sleduj\u00edc\u00edmi \u00fa\u010dely:<\/p>\n<p>\u00a0\u2192\u00a0napl\u0148ov\u00e1n\u00ed \u00fa\u010delu a posl\u00e1n\u00ed Spr\u00e1vce;<br \/>\n\u2192\u00a0zas\u00edl\u00e1n\u00ed pozv\u00e1nek na \u010dlenskou sch\u016fzi Spr\u00e1vce;<br \/>\n\u2192\u00a0zas\u00edl\u00e1n\u00ed pozv\u00e1nek na dal\u0161\u00ed aktivity Spr\u00e1vce;<br \/>\n\u2192\u00a0veden\u00ed evidence \u010dlen\u016f Spr\u00e1vce;<br \/>\n\u2192\u00a0informace o \u010dinnosti Spr\u00e1vce a volen\u00fdch \u010dlen\u016f Spr\u00e1vce apod.<\/p>\n<p><strong>3. PR\u00c1VN\u00cd Z\u00c1KLAD ZPRACOV\u00c1N\u00cd OSOBN\u00cdCH \u00daDAJ\u016e<\/strong><\/p>\n<p align=\"justify\">3.1. Va\u0161e osobn\u00ed \u00fadaje jsou zpracov\u00e1v\u00e1ny v souladu s opr\u00e1vn\u011bn\u00fdm z\u00e1jmem Spr\u00e1vce a z titulu pln\u011bn\u00ed smlouvy, kdy za spole\u010denskou smlouvu jsou v tomto p\u0159\u00edpad\u011b pova\u017eov\u00e1ny stanovy Spr\u00e1vce.<\/p>\n<p><strong>4. P\u0158\u00cdJEMCI OSOBN\u00cdCH \u00daDAJ\u016e<\/strong><\/p>\n<p align=\"justify\">4.1. Va\u0161e osobn\u00ed \u00fadaje zpracov\u00e1v\u00e1 Spr\u00e1vce osobn\u00edch \u00fadaj\u016f.<\/p>\n<p align=\"justify\">4.2. Osobn\u00ed \u00fadaje nejsou p\u0159ed\u00e1v\u00e1ny dal\u0161\u00edm zpracovatel\u016fm. V\u00fdjimkou m\u016f\u017ee b\u00fdt extern\u00ed poradenstv\u00ed v p\u0159\u00edpad\u011b pod\u00e1n\u00ed da\u0148ov\u00e9ho p\u0159izn\u00e1n\u00ed a poradenstv\u00ed v \u00fa\u010detn\u00edch z\u00e1le\u017eitostech. V takov\u00e9m p\u0159\u00edpad\u011b budou subjekty osobn\u00edch \u00fadaj\u016f o zpracovateli v\u010das informov\u00e1ni.<\/p>\n<p><strong>5. DOBA ZPRACOV\u00c1N\u00cd OSOBN\u00cdCH \u00daDAJ\u016e<\/strong><\/p>\n<p align=\"justify\">5.1. Osobn\u00ed \u00fadaje jsou uchov\u00e1v\u00e1ny po dobu \u010dlenstv\u00ed ve Spr\u00e1vci a n\u00e1sledn\u011b nejv\u00fd\u0161e t\u0159i (3) roky po ukon\u010den\u00ed Va\u0161eho \u010dlenstv\u00ed ve Spr\u00e1vci, leda\u017ee z\u00e1vazn\u00e9 pr\u00e1vn\u00ed p\u0159edpisy stanov\u00ed dobu del\u0161\u00ed.<\/p>\n<p><strong>6. PR\u00c1VA SUBJEKTU \u00daDAJ\u016e<\/strong><\/p>\n<p align=\"justify\">6.1. P\u0159i zpracov\u00e1n\u00ed osobn\u00edch \u00fadaj\u016f m\u00e1te pr\u00e1va t\u00fdkaj\u00edc\u00ed se ochrany sv\u00fdch osobn\u00edch \u00fadaj\u016f, kter\u00e1 jsou specifikov\u00e1na v tomto \u010dl\u00e1nku.<\/p>\n<p align=\"justify\">6.2. Pr\u00e1vo po\u017eadovat od n\u00e1s p\u0159\u00edstup k Va\u0161im osobn\u00edm \u00fadaj\u016fm.<\/p>\n<p align=\"justify\">6.3. Pr\u00e1vo na opravu Va\u0161ich osobn\u00edch \u00fadaj\u016f, kter\u00e9 zpracov\u00e1v\u00e1me.<\/p>\n<p align=\"justify\">6.4. Pr\u00e1vo na omezen\u00ed zpracov\u00e1n\u00ed. Omezen\u00ed zpracov\u00e1n\u00ed znamen\u00e1, \u017ee mus\u00edme Va\u0161e osobn\u00ed \u00fadaje, u nich\u017e bylo zpracov\u00e1n\u00ed omezeno, ozna\u010dit a po dobu trv\u00e1n\u00ed omezen\u00ed je nesm\u00edme d\u00e1l zpracov\u00e1vat s v\u00fdjimkou jejich ulo\u017een\u00ed. Pr\u00e1vo na omezen\u00ed zpracov\u00e1n\u00ed m\u00e1te tehdy, jestli\u017ee<\/p>\n<p>\u00a0\u2192\u00a0pop\u00edr\u00e1te p\u0159esnost osobn\u00edch \u00fadaj\u016f, a to na dobu pot\u0159ebnou k tomu, abychom mohli p\u0159esnost osobn\u00edch \u00fadaj\u016f ov\u011b\u0159it;<br \/>\n\u2192\u00a0zpracov\u00e1n\u00ed je protipr\u00e1vn\u00ed a Vy odm\u00edt\u00e1te v\u00fdmaz osobn\u00edch \u00fadaj\u016f a \u017e\u00e1d\u00e1te m\u00edsto toho o omezen\u00ed jejich pou\u017eit\u00ed;<br \/>\n\u2192\u00a0jestli\u017ee ji\u017e Va\u0161e osobn\u00ed \u00fadaje nepot\u0159ebujeme pro \u00fa\u010dely zpracov\u00e1n\u00ed, ale Vy je po\u017eadujete pro ur\u010den\u00ed, v\u00fdkon nebo obhajobu pr\u00e1vn\u00edch n\u00e1rok\u016f;<br \/>\n\u2192\u00a0jestli\u017ee jste vznesl\/a n\u00e1mitku proti zpracov\u00e1n\u00ed uvedenou n\u00ed\u017ee v \u010dl\u00e1nku 7., dokud nebude ov\u011b\u0159eno, zda na\u0161e opr\u00e1vn\u011bn\u00e9 d\u016fvody pro zpracov\u00e1n\u00ed p\u0159eva\u017euj\u00ed nad Va\u0161imi z\u00e1jmy nebo pr\u00e1vy a svobodami.<\/p>\n<p align=\"justify\">6.5. Pr\u00e1vo na v\u00fdmaz osobn\u00edch \u00fadaj\u016f. Pr\u00e1vo na v\u00fdmaz osobn\u00edch \u00fadaj\u016f se nevztahuje na ty osobn\u00ed \u00fadaje, kter\u00e9 z d\u016fvodu mo\u017en\u00e9ho soudn\u00edho sporu (nap\u0159. pro zp\u016fsobenou \u0161kodu, vym\u00e1h\u00e1n\u00ed bezd\u016fvodn\u00e9ho obohacen\u00ed apod.) a na z\u00e1klad\u011b pr\u00e1vn\u00edch p\u0159edpis\u016f \u00fa\u010dinn\u00fdch v \u010cesk\u00e9 republice uchov\u00e1v\u00e1me i po ukon\u010den\u00ed Va\u0161eho \u010dlenstv\u00ed ve Spr\u00e1vci, a to v souladu s \u010dl\u00e1nkem 5. t\u011bchto z\u00e1sad zpracov\u00e1n\u00ed osobn\u00edch \u00fadaj\u016f.<\/p>\n<p align=\"justify\">6.6. Pr\u00e1vo na p\u0159enositelnost \u00fadaj\u016f. M\u016f\u017eete \u017e\u00e1dat, abychom V\u00e1m Va\u0161e osobn\u00ed \u00fadaje poskytli za \u00fa\u010delem jejich p\u0159ed\u00e1n\u00ed jin\u00e9mu spr\u00e1vci osobn\u00edch \u00fadaj\u016f, nebo abychom je sami p\u0159edali jin\u00e9mu spr\u00e1vci osobn\u00edch \u00fadaj\u016f. Toto pr\u00e1vo v\u0161ak m\u00e1te pouze ohledn\u011b t\u011bch \u00fadaj\u016f, kter\u00e9 zpracov\u00e1v\u00e1me automatizovan\u011b na z\u00e1klad\u011b Va\u0161eho souhlasu nebo smlouvy s V\u00e1mi.<\/p>\n<p align=\"justify\">6.7. Pr\u00e1vo podat st\u00ed\u017enost u dozorov\u00e9ho \u00fa\u0159adu, a to v p\u0159\u00edpad\u011b, \u017ee se domn\u00edv\u00e1te, \u017ee zpracov\u00e1n\u00edm osobn\u00edch \u00fadaj\u016f doch\u00e1z\u00ed k poru\u0161en\u00ed pr\u00e1vn\u00edch p\u0159edpis\u016f o ochran\u011b osobn\u00edch \u00fadaj\u016f. St\u00ed\u017enost m\u016f\u017eete podat u dozorov\u00e9ho \u00fa\u0159adu v m\u00edst\u011b sv\u00e9ho obvykl\u00e9ho bydli\u0161t\u011b, m\u00edst\u011b v\u00fdkonu zam\u011bstn\u00e1n\u00ed nebo v m\u00edst\u011b, kde do\u0161lo k \u00fadajn\u00e9mu poru\u0161en\u00ed. V \u010cesk\u00e9 republice je dozorov\u00fdm \u00fa\u0159adem \u00da\u0159ad pro ochranu osobn\u00edch \u00fadaj\u016f, Pplk. Sochora 27, 170 00 Praha 7, www.uoou.cz.<\/p>\n<p><strong>7. PR\u00c1VO VZN\u00c9ST N\u00c1MITKU PROTI ZPRACOV\u00c1N\u00cd<\/strong><\/p>\n<p align=\"justify\">7.1. V p\u0159\u00edpad\u011b, \u017ee Va\u0161e osobn\u00ed \u00fadaje zpracov\u00e1v\u00e1me pro \u00fa\u010dely opr\u00e1vn\u011bn\u00fdch z\u00e1jm\u016f na\u0161ich nebo n\u011bkoho dal\u0161\u00edho, m\u00e1te kdykoliv pr\u00e1vo vzn\u00e9st proti takov\u00e9mu zpracov\u00e1n\u00ed n\u00e1mitku. N\u00e1mitku m\u016f\u017eete vzn\u00e9st prost\u0159ednictv\u00edm kontaktn\u00edch \u00fadaj\u016f uveden\u00fdch v odst. 1.3. Pokud takovou n\u00e1mitku vznesete, budeme opr\u00e1vn\u011bni v takov\u00e9m zpracov\u00e1n\u00ed pokra\u010dovat jen tehdy, pokud prok\u00e1\u017eeme z\u00e1va\u017en\u00e9 opr\u00e1vn\u011bn\u00e9 d\u016fvody pro zpracov\u00e1n\u00ed, kter\u00e9 p\u0159eva\u017euj\u00ed nad Va\u0161imi z\u00e1jmy nebo pr\u00e1vy a svobodami, a d\u00e1le tehdy, pokud p\u016fjde o zpracov\u00e1n\u00ed nezbytn\u00e9 pro ur\u010den\u00ed, v\u00fdkon nebo obhajobu pr\u00e1vn\u00edch n\u00e1rok\u016f.<\/p>\n<p><strong>8. POVINN\u00c9 ZPRACOV\u00c1N\u00cd A POVINNOST POSKYTNOUT OSOBN\u00cd \u00daDAJE<\/strong><\/p>\n<p align=\"justify\">8.1. Bez zpracov\u00e1n\u00ed osobn\u00edch \u00fadaj\u016f v m\u00ed\u0159e stanoven\u00e9 \u010dl\u00e1nkem 2. nen\u00ed mo\u017en\u00e9 \u010dlenstv\u00ed ve Spr\u00e1vci.<\/p>\n<p align=\"center\"><a href=\"http:\/\/www.maltezskyrad.cz\/gdpr\/\">Zp\u011bt na \u00favodn\u00ed stranu<\/a><\/p>\n","protected":false},"excerpt":{"rendered":"<p>Z\u00c1SADY ZPRACOV\u00c1N\u00cd OSOBN\u00cdCH \u00daDAJ\u016e podle na\u0159\u00edzen\u00ed Evropsk\u00e9ho parlamentu a Rady (EU) 2016\/679 ze dne 27. dubna 2016 o ochran\u011b fyzick\u00fdch osob v souvislosti se zpracov\u00e1n\u00edm<span class=\"read-more-link\"><a class=\"read-more\" href=\"http:\/\/www.maltezskyrad.cz\/gdpr\/zasady-pro-zpracovani-osobnich-udaju\/\">Read More<\/a><\/span><\/p>\n","protected":false},"author":1,"featured_media":0,"parent":0,"menu_order":0,"comment_status":"closed","ping_status":"closed","template":"","meta":[],"_links":{"self":[{"href":"http:\/\/www.maltezskyrad.cz\/gdpr\/wp-json\/wp\/v2\/pages\/115"}],"collection":[{"href":"http:\/\/www.maltezskyrad.cz\/gdpr\/wp-json\/wp\/v2\/pages"}],"about":[{"href":"http:\/\/www.maltezskyrad.cz\/gdpr\/wp-json\/wp\/v2\/types\/page"}],"author":[{"embeddable":true,"href":"http:\/\/www.maltezskyrad.cz\/gdpr\/wp-json\/wp\/v2\/users\/1"}],"replies":[{"embeddable":true,"href":"http:\/\/www.maltezskyrad.cz\/gdpr\/wp-json\/wp\/v2\/comments?post=115"}],"version-history":[{"count":5,"href":"http:\/\/www.maltezskyrad.cz\/gdpr\/wp-json\/wp\/v2\/pages\/115\/revisions"}],"predecessor-version":[{"id":255,"href":"http:\/\/www.maltezskyrad.cz\/gdpr\/wp-json\/wp\/v2\/pages\/115\/revisions\/255"}],"wp:attachment":[{"href":"http:\/\/www.maltezskyrad.cz\/gdpr\/wp-json\/wp\/v2\/media?parent=115"}],"curies":[{"name":"wp","href":"https:\/\/api.w.org\/{rel}","templated":true}]}}